{"id":1365,"date":"2022-01-24T11:29:47","date_gmt":"2022-01-24T10:29:47","guid":{"rendered":"\/?page_id=1365"},"modified":"2024-04-05T19:47:32","modified_gmt":"2024-04-05T18:47:32","slug":"area-pon","status":"publish","type":"page","link":"https:\/\/www.scuolacarlogallozzi.it\/area-pon\/","title":{"rendered":"Area Pon"},"content":{"rendered":"<article id=\"post-787\" class=\"card card-bg post-787 post type-post status-publish format-standard hentry category-pon\">\n<div class=\"card-body\">\n<div>\n<p style=\"text-align: center;\"><b style=\"font-size: 18.6667px;\">AVVISI<\/b><\/p>\n<\/div>\n<p>&nbsp;<\/p>\n<div>\n<p style=\"text-align: center;\">Si comunica ai Sigg. Genitori e agli Studenti che\u00a0 VENERDI&#8217; 3 Marzo 2023 non ci sar\u00e0 il PON dal titolo \u201cTHE POWER OF ENGLISH\u201d, procrastinato alla settimana successiva.<\/p>\n<p style=\"text-align: center;\">&#8230;&#8230;&#8230;&#8230;&#8230;&#8230;&#8230;&#8230;&#8230;&#8230;&#8230;&#8230;<\/p>\n<p style=\"text-align: center;\">Si comunica ai Sigg. Genitori e agli Studenti che\u00a0 MARTEDI\u2019 28 Febbraio 2023 non ci sar\u00e0 il PON dal titolo <strong>\u201cDIAMO SFOGO ALLA CREATIVITA&#8217;\u201d che e stato procrastinato <\/strong><\/p>\n<p style=\"text-align: center;\"><strong>a giorno 07-03-2023 sempre alle ore 14.30<\/strong><\/p>\n<p style=\"text-align: center;\">&#8230;&#8230;&#8230;&#8230;&#8230;&#8230;&#8230;&#8230;&#8230;<\/p>\n<p style=\"text-align: center;\">Si comunica ai Sigg. Genitori e agli Studenti che\u00a0 \u00a0il PON dal titolo <strong>\u201cCIBO E LEGALITA&#8221;\u201d\u00a0 DEL GIORNO 2 MARZO \u00e8 stato ANTICIPATO\u00a0<\/strong><\/p>\n<p style=\"text-align: center;\"><strong>al giorno 01-03-2023,\u00a0 sempre alle ore 14.30 (solo per questa settimana)<\/strong><\/p>\n<p style=\"text-align: center;\">&#8230;&#8230;&#8230;&#8230;&#8230;&#8230;&#8230;&#8230;&#8230;&#8230;&#8230;&#8230;&#8230;<\/p>\n<p style=\"text-align: center;\">Si comunica ai Sigg. Genitori e agli Studenti che\u00a0 MERCOLEDI\u2019\u00a0 \u00a01 MARZO 2023 non ci sar\u00e0 il PON dal titolo <strong>\u201cFACCIAMO SQUADRA&#8217;\u201d che \u00e8 stato procrastinato <\/strong><\/p>\n<p style=\"text-align: center;\"><strong>al giorno 02-03-2023, GIOVEDI&#8217; sempre alle ore 14.30<\/strong><\/p>\n<p style=\"text-align: center;\">&#8230;&#8230;&#8230;&#8230;&#8230;&#8230;&#8230;&#8230;&#8230;..<\/p>\n<p style=\"text-align: center;\">Si comunica ai Sigg. Genitori e agli Studenti che\u00a0 VENERDI\u2019 24 Febbraio 2023 non ci sar\u00e0 il PON dal titolo \u201cGIOCHI DI PAROLE\u2019\u201d.<\/p>\n<p style=\"text-align: center;\">&#8230;&#8230;&#8230;&#8230;&#8230;&#8230;&#8230;&#8230;.<\/p>\n<p style=\"text-align: center;\">Si comunica ai Sigg. Genitori e agli Studenti che\u00a0 LUNEDI\u2019 27 Febbraio 2023 non ci sar\u00e0 il PON dal titolo \u201cA CACCIA DI NOTIZIE\u2019\u201d<\/p>\n<p style=\"text-align: center;\">&#8230;&#8230;&#8230;&#8230;&#8230;&#8230;&#8230;&#8230;&#8230;&#8230;..<\/p>\n<p style=\"text-align: center;\">Si comunica ai Sigg. Genitori e agli Studenti che\u00a0 VENERDI&#8217;\u00a0 17 Febbraio 2023 si recuperera&#8217; il PON dal titolo \u201cGIOCHI DI PAROLE&#8217;\u201d.<\/p>\n<p style=\"text-align: center;\">&#8230;&#8230;&#8230;&#8230;&#8230;&#8230;&#8230;&#8230;&#8230;<\/p>\n<p style=\"text-align: center;\">Si comunica ai Sigg. Genitori e agli Studenti che\u00a0 LUNEDI\u2019 13 Febbraio 2023 non ci sar\u00e0 il PON dal titolo <strong>\u201cA CACCIA DI NOTIZIE\u2019\u201d.<\/strong><\/p>\n<p style=\"text-align: center;\">&#8230;&#8230;&#8230;&#8230;&#8230;&#8230;&#8230;&#8230;&#8230;&#8230;&#8230;..<\/p>\n<p style=\"text-align: center;\">Si comunica ai Sigg. Genitori e agli Studenti che\u00a0 VENERDI&#8217; 10 Febbraio 2023 non ci sar\u00e0 il PON dal titolo <strong>\u201cTHE POWER OF ENGLISH\u201d.<\/strong><\/p>\n<p style=\"text-align: center;\">&#8230;&#8230;&#8230;&#8230;&#8230;&#8230;&#8230;&#8230;&#8230;&#8230;&#8230;&#8230;&#8230;.<\/p>\n<p style=\"text-align: center;\">Si comunica ai Sigg. Genitori e agli Studenti che\u00a0 MARTEDI\u2019 7 Febbraio 2023 non ci sar\u00e0 il PON dal titolo <strong>\u201cDIAMO SFOGO ALLA CREATIVITA&#8217;\u201d che e stato procrastinato <\/strong><\/p>\n<p style=\"text-align: center;\"><strong>a giorno 10-02-2023 sempre alle ore 14.30<\/strong><\/p>\n<p style=\"text-align: center;\">&#8230;&#8230;&#8230;&#8230;&#8230;&#8230;&#8230;&#8230;&#8230;&#8230;.<\/p>\n<p style=\"text-align: center;\">Si comunica ai Sigg. Genitori e agli Studenti che\u00a0 MARTEDI\u2019 7 Febbraio 2023 non ci sar\u00e0 il PON dal titolo <strong>\u201cGIOCHI DI PAROLE&#8217;\u201d.<\/strong><\/p>\n<p style=\"text-align: center;\">&#8230;&#8230;&#8230;&#8230;&#8230;&#8230;&#8230;&#8230;&#8230;&#8230;&#8230;.<\/p>\n<p style=\"text-align: center;\">Si comunica ai Sigg. Genitori e agli Studenti che per CHIUSURA SCUOLA LUNEDI&#8217; 6 Febbraio 2023 non ci sar\u00e0 il PON dal titolo <strong>&#8220;CODING E ROBOTICA&#8221; <\/strong><\/p>\n<p style=\"text-align: center;\">e che lo stesso \u00e8\u00a0 procrastinato alla settimana successiva<\/p>\n<p style=\"text-align: center;\">&#8230;&#8230;&#8230;&#8230;&#8230;&#8230;&#8230;&#8230;&#8230;&#8230;&#8230;..<\/p>\n<\/div>\n<p style=\"text-align: center;\">Si comunica ai Sigg. Genitori e agli Studenti che per CHIUSURA SCUOLA LUNEDI&#8217; 6 Febbraio 2023 non ci sar\u00e0 il PON dal titolo <strong>&#8220;A CACCIA DI NOTIZIE&#8221; <\/strong><\/p>\n<p style=\"text-align: center;\">e che lo stesso \u00e8\u00a0 procrastinato alla settimana successiva<\/p>\n<p style=\"text-align: center;\">&#8230;&#8230;&#8230;&#8230;&#8230;&#8230;&#8230;&#8230;&#8230;..<\/p>\n<div>\n<p style=\"text-align: center;\">Si comunica ai Sigg. Genitori e agli Studenti che per CHIUSURA SCUOLA venerd\u00ec 3 febbraio 2023 non ci sar\u00e0 il PON dal titolo <strong>&#8220;THE POWER OF ENGLISH&#8221; <\/strong><\/p>\n<p style=\"text-align: center;\">e che lo stesso \u00e8\u00a0 procrastinato alla settimana successiva<\/p>\n<p style=\"text-align: center;\">&#8230;&#8230;&#8230;&#8230;&#8230;&#8230;&#8230;&#8230;&#8230;&#8230;&#8230;..<\/p>\n<p style=\"text-align: center;\">Si comunica ai Sigg. Genitori e agli Studenti che per CHIUSURA SCUOLA gioved\u00ec 2 febbraio 2023 non ci sar\u00e0 il PON dal titolo <strong>&#8220;Cibo e Legalit\u00e0&#8221; <\/strong><\/p>\n<p style=\"text-align: center;\">e che lo stesso \u00e8\u00a0 procrastinato alla settimana successiva<\/p>\n<p style=\"text-align: center;\">&#8230;&#8230;&#8230;&#8230;&#8230;&#8230;&#8230;&#8230;&#8230;&#8230;&#8230;&#8230;&#8230;&#8230;&#8230;<\/p>\n<p style=\"text-align: center;\">Si comunica ai Sigg. Genitori e agli Studenti che per motivi organizzativi mercoled\u00ec 1 febbraio 2023 non ci sar\u00e0 il PON dal titolo <strong>&#8220;Crescere in musica&#8221; <\/strong><\/p>\n<p style=\"text-align: center;\">e che lo stesso \u00e8\u00a0 procrastinato al giorno 8 febbraio 2023<\/p>\n<p style=\"text-align: center;\">&#8230;&#8230;&#8230;&#8230;&#8230;&#8230;&#8230;&#8230;&#8230;&#8230;&#8230;&#8230;&#8230;&#8230;&#8230;&#8230;..<\/p>\n<p style=\"text-align: center;\">Si comunica ai Sigg. Genitori e agli Studenti che mercoled\u00ec 18 gennaio partir\u00e0 il PON dal titolo \u201cFACCIAMO SQUADRA\u201d !!!<\/p>\n<p style=\"text-align: center;\">&#8230;&#8230;&#8230;&#8230;&#8230;&#8230;&#8230;&#8230;&#8230;&#8230;&#8230;&#8230;<\/p>\n<p style=\"text-align: center;\">Si comunica ai Sigg. Genitori e agli Studenti che mercoled\u00ec 18 gennaio 2023 non ci sar\u00e0 il PON dal titolo &#8220;Crescere in musica&#8221; che \u00e8 procrastinato al giorno 20 gennaio 2023<\/p>\n<\/div>\n<div>\n<p style=\"text-align: center;\">&#8230;&#8230;&#8230;&#8230;&#8230;&#8230;&#8230;&#8230;&#8230;<\/p>\n<p style=\"text-align: center;\">I PON &#8220;GIOCHI DI PAROLE&#8221; E &#8220;DIAMO SFOGO ALLA CREATIVITA'&#8221; SLITTANO A DATA DA DESTINARSI<\/p>\n<\/div>\n<div style=\"text-align: center;\">&#8230;&#8230;&#8230;&#8230;&#8230;&#8230;&#8230;&#8230;&#8230;&#8230;&#8230;&#8230;&#8230;&#8230;&#8230;..<\/div>\n<div style=\"text-align: center;\">Si comunica ai Sigg. Genitori e agli Studenti che mercoled\u00ec 11 gennaio non ci sar\u00e0 il PON dal titolo &#8220;FACCIAMO SQUADRA&#8221; che \u00e8 procrastinato al giorno 18 gennaio 2023<\/div>\n<\/div>\n<\/article>\n<div>\n<div style=\"text-align: center;\">&#8230;&#8230;&#8230;&#8230;&#8230;&#8230;&#8230;&#8230;&#8230;&#8230;&#8230;&#8230;&#8230;&#8230;&#8230;..<\/div>\n<div style=\"text-align: center;\"><\/div>\n<div>Si comunica ai Sigg. Genitori e agli Studenti che mercoled\u00ec 21 dicembre 2022 non ci sar\u00e0 il PON dal titolo &#8220;Facciamo squadra&#8221; che \u00e8 procrastinato al giorno 11 gennaio 2023<\/div>\n<\/div>\n<div>.<\/div>\n<div>\n<table style=\"height: 24px; width: 100%; border-collapse: collapse; border-style: solid; border-color: #171515; background-color: #99e8bd;\">\n<tbody>\n<tr style=\"height: 24px;\">\n<td style=\"width: 100%; height: 24px; text-align: center;\"><span style=\"font-size: 18pt;\"><strong>Titolo progetto: \u201cIMPARARE DIVERTENDOSI\u201d<\/strong><\/span><br \/>\n<span style=\"font-size: 18pt;\"><strong>Codice progetto:10.1.1A-FDRPOC-CA-2022-338<\/strong><\/span><br \/>\n<span style=\"font-size: 18pt;\"><strong>CUP: B94C22000160001<\/strong><\/span><\/p>\n<p style=\"text-align: left;\"><a href=\"https:\/\/www.scuolacarlogallozzi.it\/titolo-progetto-imparare-divertendosi\/\">Leggi di pi\u00f9<\/a><\/p>\n<\/td>\n<\/tr>\n<\/tbody>\n<\/table>\n<\/div>\n<article id=\"post-784\" class=\"card card-bg post-784 post type-post status-publish format-standard hentry category-pon\">\n<header><\/header>\n<header><\/header>\n<header>&#8212;&#8212;&#8212;&#8212;&#8212;&#8212;&#8212;&#8212;&#8212;&#8212;&#8212;&#8212;&#8212;&#8212;-<\/header>\n<header>\n<table style=\"width: 100%; border-collapse: collapse; border-style: solid; border-color: #050404; background-color: #e989f0;\">\n<tbody>\n<tr>\n<td style=\"width: 100%;\">\n<p style=\"text-align: center;\"><span style=\"font-size: 18pt;\"><strong>Titolo progetto: \u201cApprendere in digitale\u201d <\/strong><\/span><br \/>\n<span style=\"font-size: 18pt;\"><strong>Codice progetto: 10.2.2A \u2013 FDRPOC-CA-2022-387<\/strong><\/span><br \/>\n<span style=\"font-size: 18pt;\"><strong>CUP: B94C22000180001<\/strong><\/span><br \/>\nProgramma Operativo Complementare (POC) \u201cPer la Scuola, competenze e ambienti per l\u2019apprendimento\u201d 2014-2020 finanziato con il Fondo di Rotazione (FdR)\u2013 Obiettivi Specifici 10.1, 10.2 e 10.3 \u2013 Azioni 10.1.1, 10.2.2 e 10.3.1<br \/>\nAvviso pubblico prot. n. 33956 del 18\/05\/2022 \u2013 Realizzazione di percorsi educativi volti al potenziamento delle competenze delle studentesse e degli studenti e per la socialit\u00e0 e l\u2019accoglienza<\/p>\n<p>L<a href=\"https:\/\/www.scuolacarlogallozzi.it\/titolo-progetto-apprendere-in-digitale\/\">eggi di pi\u00f9<\/a><\/td>\n<\/tr>\n<\/tbody>\n<\/table>\n<\/header>\n<header><\/header>\n<header>&#8212;&#8212;&#8212;&#8212;&#8212;&#8212;&#8212;&#8212;&#8212;&#8212;&#8212;&#8212;&#8212;&#8212;-<\/header>\n<header class=\"entry-header\"><a class=\"post-edit-link\" href=\"https:\/\/www.scuolacarlogallozzi.it\/wp-admin\/post.php?post=787&amp;action=edit\">MODIFICA<\/a><\/p>\n<h4 class=\"card-title big-heading\">PON \u2013 Apprendimento e socialit\u00e0 &#8211;<\/h4>\n<h4 class=\"card-title big-heading\">Azione 10.1.1A Titolo progetto: &#8220;ALLEGRAMENTE INSIEME&#8221;<\/h4>\n<\/header>\n<div class=\"card-text\">\n<p>Clicca qui per maggiori informazioni.<\/p>\n<\/div>\n<\/article>\n<p><a class=\"read-more\" title=\"PON \u2013 Ambienti Digitali\" href=\"https:\/\/www.scuolacarlogallozzi.it\/https-www-scuolacarlogallozzi-it-azione-10-2-2a-titolo-progetto-la-scuola-un-passaporto-per-il-futuro\/\">LEGGI DI PI\u00d9 \u00a0<\/a><\/p>\n<p>&nbsp;<\/p>\n<div class=\"category-top\"><\/div>\n<header class=\"entry-header\"><a class=\"post-edit-link\" href=\"https:\/\/www.scuolacarlogallozzi.it\/wp-admin\/post.php?post=787&amp;action=edit\">MODIFICA<\/a><\/p>\n<h4 class=\"card-title big-heading\">PON \u2013 Apprendimento e socialit\u00e0 &#8211;<\/h4>\n<h4 class=\"card-title big-heading\">Azione 10.2.2A Titolo progetto: &#8220;LA SCUOLA. UN PASSAPORTO PER IL FUTURO&#8221;<\/h4>\n<\/header>\n<div class=\"card-text\">\n<p>Clicca qui per maggiori informazioni.<\/p>\n<\/div>\n<p><a class=\"read-more\" title=\"PON \u2013 Reti LAN\/WLAN\" href=\"https:\/\/www.scuolacarlogallozzi.it\/azione-10-2-2a-titolo-progetto-la-scuola-un-passaporto-per-il-futuro\/\">LEGGI DI PI\u00d9 \u00a0<\/a><\/p>\n<p>&nbsp;<\/p>\n<table style=\"width: 100%; border-collapse: collapse; border-style: solid; border-color: #000000; background-color: #b2bfd9;\">\n<tbody>\n<tr>\n<td style=\"width: 100%;\"><span style=\"font-size: 18pt;\">Titolo: \u201cRispettare le regole\u2026. per stare bene insieme\u201d<\/span><\/p>\n<p>Programma Operativo Complementare \u201cPer la scuola, competenze e ambienti per l\u2019apprendimento\u201d<br \/>\n2014-2020. Asse I \u2013 Istruzione \u2013 Fondo di Rotazione (FdR).<br \/>\nObiettivo specifico 10.2 \u2013 Azione 10.2.2.Codice identificativo del Progetto: 10.2.2A-FDRPOC-CA-2020-140<br \/>\nCUP: B93D19000370006<\/p>\n<p><a href=\"https:\/\/www.scuolacarlogallozzi.it\/programma-operativo-complementare-per-la-scuola-competenze-e-ambienti-per-lapprendimento-2014-2020-asse-i-istruzione-fondo-di-rotazione-fdr-obiettiv\/\">LEGGI DI PIU&#8217;<\/a><\/td>\n<\/tr>\n<\/tbody>\n<\/table>\n<p>&nbsp;<\/p>\n<table style=\"width: 100%; border-collapse: collapse; border-style: solid; border-color: #c4bcbc; background-color: #7de8dc;\">\n<tbody>\n<tr>\n<td style=\"width: 100%;\"><span style=\"font-size: 24pt;\"><strong>Spazi e strumenti digitali per le STEM<\/strong><\/span><\/p>\n<p>Decreti del direttore della Direzione Generale per i fondi strutturali per l\u2019istruzione, l\u2019edilizia scolastica e la scuola digitale 20 luglio<br \/>\n2021, n. 201 e 6 ottobre 2021, n. 321. Missione 4, Componente 1, Investimento 3.2., del Piano Nazionale di Ripresa e<br \/>\nResilienza, relativa a \u201cScuola 4.0: scuole innovative, cablaggio, nuovi ambienti di apprendimento e laboratori\u201d.<br \/>\nNota Autorizzativa Prot. 43717 del 10\/11\/2021<br \/>\nTitolo Progetto: \u201cGALLOZZI@STEM\u201d<br \/>\nC.U.P. B29J21006670001<\/p>\n<p><a href=\"https:\/\/www.scuolacarlogallozzi.it\/spazi-e-strumenti-digitali-per-le-stem\/\">LEGGI DI PIU&#8217;<\/a><\/td>\n<\/tr>\n<\/tbody>\n<\/table>\n","protected":false},"excerpt":{"rendered":"<p>AVVISI &nbsp; Si comunica ai Sigg. Genitori e agli Studenti che\u00a0 VENERDI&#8217; 3 Marzo 2023 non ci sar\u00e0 il PON dal titolo \u201cTHE POWER OF &#8230; <\/p>\n","protected":false},"author":14,"featured_media":0,"parent":0,"menu_order":0,"comment_status":"closed","ping_status":"closed","template":"page-fullwidth.php","meta":{"footnotes":""},"class_list":["post-1365","page","type-page","status-publish","hentry"],"_links":{"self":[{"href":"https:\/\/www.scuolacarlogallozzi.it\/wp-json\/wp\/v2\/pages\/1365"}],"collection":[{"href":"https:\/\/www.scuolacarlogallozzi.it\/wp-json\/wp\/v2\/pages"}],"about":[{"href":"https:\/\/www.scuolacarlogallozzi.it\/wp-json\/wp\/v2\/types\/page"}],"author":[{"embeddable":true,"href":"https:\/\/www.scuolacarlogallozzi.it\/wp-json\/wp\/v2\/users\/14"}],"replies":[{"embeddable":true,"href":"https:\/\/www.scuolacarlogallozzi.it\/wp-json\/wp\/v2\/comments?post=1365"}],"version-history":[{"count":3,"href":"https:\/\/www.scuolacarlogallozzi.it\/wp-json\/wp\/v2\/pages\/1365\/revisions"}],"predecessor-version":[{"id":7370,"href":"https:\/\/www.scuolacarlogallozzi.it\/wp-json\/wp\/v2\/pages\/1365\/revisions\/7370"}],"wp:attachment":[{"href":"https:\/\/www.scuolacarlogallozzi.it\/wp-json\/wp\/v2\/media?parent=1365"}],"curies":[{"name":"wp","href":"https:\/\/api.w.org\/{rel}","templated":true}]}}